{"version":"1.0","provider_name":"Enviplus","provider_url":"https:\/\/enviplus.fr","author_name":"elieconseiletcom","author_url":"https:\/\/enviplus.fr\/index.php\/author\/elieconseiletcom\/","title":"Le p\u00f4le Espaces Vert d'EnviPlus - Enviplus","type":"rich","width":600,"height":338,"html":"<blockquote class=\"wp-embedded-content\" data-secret=\"2ModC1z31O\"><a href=\"https:\/\/enviplus.fr\/index.php\/2023\/03\/24\/pole-espaces-vert-enviplus\/\">Le p\u00f4le Espaces Vert d&rsquo;EnviPlus<\/a><\/blockquote><iframe sandbox=\"allow-scripts\" security=\"restricted\" src=\"https:\/\/enviplus.fr\/index.php\/2023\/03\/24\/pole-espaces-vert-enviplus\/embed\/#?secret=2ModC1z31O\" width=\"600\" height=\"338\" title=\"\u00ab\u00a0Le p\u00f4le Espaces Vert d&rsquo;EnviPlus\u00a0\u00bb &#8212; Enviplus\" data-secret=\"2ModC1z31O\" frameborder=\"0\" marginwidth=\"0\" marginheight=\"0\" scrolling=\"no\" class=\"wp-embedded-content\"><\/iframe><script>\n\/*! This file is auto-generated *\/\n!function(d,l){\"use strict\";l.querySelector&&d.addEventListener&&\"undefined\"!=typeof URL&&(d.wp=d.wp||{},d.wp.receiveEmbedMessage||(d.wp.receiveEmbedMessage=function(e){var t=e.data;if((t||t.secret||t.message||t.value)&&!\/[^a-zA-Z0-9]\/.test(t.secret)){for(var s,r,n,a=l.querySelectorAll('iframe[data-secret=\"'+t.secret+'\"]'),o=l.querySelectorAll('blockquote[data-secret=\"'+t.secret+'\"]'),c=new RegExp(\"^https?:$\",\"i\"),i=0;i<o.length;i++)o[i].style.display=\"none\";for(i=0;i<a.length;i++)s=a[i],e.source===s.contentWindow&&(s.removeAttribute(\"style\"),\"height\"===t.message?(1e3<(r=parseInt(t.value,10))?r=1e3:~~r<200&&(r=200),s.height=r):\"link\"===t.message&&(r=new URL(s.getAttribute(\"src\")),n=new URL(t.value),c.test(n.protocol))&&n.host===r.host&&l.activeElement===s&&(d.top.location.href=t.value))}},d.addEventListener(\"message\",d.wp.receiveEmbedMessage,!1),l.addEventListener(\"DOMContentLoaded\",function(){for(var e,t,s=l.querySelectorAll(\"iframe.wp-embedded-content\"),r=0;r<s.length;r++)(t=(e=s[r]).getAttribute(\"data-secret\"))||(t=Math.random().toString(36).substring(2,12),e.src+=\"#?secret=\"+t,e.setAttribute(\"data-secret\",t)),e.contentWindow.postMessage({message:\"ready\",secret:t},\"*\")},!1)))}(window,document);\n\/\/# sourceURL=https:\/\/enviplus.fr\/wp-includes\/js\/wp-embed.min.js\n<\/script>\n","thumbnail_url":"https:\/\/enviplus.fr\/wp-content\/uploads\/2023\/03\/enviEV-10.jpg","thumbnail_width":2416,"thumbnail_height":1611,"description":"Le but premier de notre association reste l'insertion de nos employ\u00e9s, le p\u00f4le espaces verts a \u00e9galement pour objectif la sensibilisation \u00e0 l\u2019environnement et \u00e0 sa protection. Christophe, charg\u00e9 de g\u00e9rer les missions concernant les espaces verts, nous en dit plus sur le p\u00f4le entretien des espaces verts et ses missions dans nos communes."}